{"id":171,"date":"2014-10-03T21:08:09","date_gmt":"2014-10-03T21:08:09","guid":{"rendered":"http:\/\/bergen.katolsk.no\/?page_id=171"},"modified":"2018-10-12T07:59:55","modified_gmt":"2018-10-12T07:59:55","slug":"spansktalende-gruppe","status":"publish","type":"page","link":"https:\/\/bergen.katolsk.no\/?page_id=171","title":{"rendered":"Spansktalende gruppe"},"content":{"rendered":"<p style=\"text-align: justify;\"><strong>p.\u00a0Juan Carlos Roldan<br \/>\n<\/strong>tel. 94970014<br \/>\nepost :<a href=\"mailto:Juan.Carlos.Roldan@katolsk.no\" target=\"_blank\">Juan.Carlos.Roldan@katolsk.no<\/a><\/p>\n<p><b>Luis Cisternas\u00a0(fungerende leder)<\/b><br \/>\nTlf: 93809350<br \/>\nE-post:\u00a0<a href=\"mailto:luisciste@gmail.com\" target=\"_blank\">luisciste@gmail.com<\/a><\/p>\n<p><b>Laura Rojas<\/b><br \/>\nTlf: 92096995<br \/>\nE-post: <a href=\"mailto:laurajojas_@hotmail.com\" target=\"_blank\"><span style=\"color: #1155cc;\">laurarojas_@hotmail.com<\/span><\/a><\/p>\n<p>Den spansktalende gruppen ble formelt etablert i 1988, men spansktalende katolikker har v\u00e6rt representert i menigheten tidligere, s\u00e6rlig ble det mange chilenske flyktninger etter at president Allendes venstreorienterte regjering ble styrtet ved et milit\u00e6rkupp i 1973. I dag er det fortsatt chilenere som utgj\u00f8r den st\u00f8rste delen av den spansktalende i menigheten v\u00e5r, men ogs\u00e5 andre spansktalende nasjonaliteter er representert. Ca 80% av de spansktalende katolikker er f\u00f8dt i hjemlandet. per 1.oktober 2018 var det 1162\u00a0katolikker f\u00f8dt i land, hvor spansk er offisielt spr\u00e5k, registrert i menigheten &#8211;\u00a0hvorav 770 fra Chile, 97 fra Spania; og de fleste land i Sentral- og S\u00f8r Amerika.<\/p>\n<p>Aktiviteter:<\/p>\n<p style=\"text-align: justify;\">En gang i m\u00e5neden \u2013 3.s\u00f8ndag &#8211; er det messe p\u00e5 spansk kl.13.00. I etterkant av messen blir det ogs\u00e5 organisert Katekese for sm\u00e5 barn etter Den Gode Hyrdes Katekese, mer informasjon hos Astrid Strand. Gruppen samles hver tirsdag kveld til b\u00f8nn og katekese. Gruppen har eget kor og ministranter. I l\u00f8pet av \u00e5ret organiseres retretter. Gruppen arbeider ogs\u00e5 med karitative oppgaver og st\u00f8tter \u00f8konomisk b\u00e5de prosjekter i Latin Amerika. Fundacion Hogar de Cristo i Santiago de Chile og Caritas Colombia, men ogs\u00e5 menigheten i Poltava i Ukraina og bidrar lokal i St.Paul menighet.<\/p>\n<p><span style=\"text-decoration: underline;\">De spansktalende feirer mange festdager:<\/span><\/p>\n<p>8.mai: Nuestra Se\u00f1ora de Luj\u00e1n \u2013 v\u00e5r frue av Luj\u00e1n (Argentina)<br \/>\n16.juli: Virgen del Carmen \u2013 V\u00e5r fru av berget Karmel (Chile)<br \/>\n20.juli: Divino Ni\u00f1oo<br \/>\n3.s\u00f8ndag i juli: nasjonaldag til Argentina, Colombia, Peru og Venezuela<br \/>\n3.s\u00f8ndag i september: Virgen de Guadalupe<br \/>\n28.oktober. Se\u00f1or de los Milagros \u2013 Herre av Miraklene (Peru)<br \/>\n12.desmeber: Virgen de Guadalupe \u2013 V\u00e5r Frue av Guadalupe (Mexico)<br \/>\n16.-24. desember: Novena de Aguinaldos- Julenovene (Colombia)<\/p>\n","protected":false},"excerpt":{"rendered":"<p>p.\u00a0Juan Carlos Roldan tel. 94970014 epost :Juan.Carlos.Roldan@katolsk.no Luis Cisternas\u00a0(fungerende leder) Tlf: 93809350 E-post:\u00a0luisciste@gmail.com Laura Rojas Tlf: 92096995 E-post: laurarojas_@hotmail.com Den<\/p>\n","protected":false},"author":1,"featured_media":0,"parent":157,"menu_order":0,"comment_status":"closed","ping_status":"closed","template":"","meta":{"colormag_page_container_layout":"default_layout","colormag_page_sidebar_layout":"default_layout","_exactmetrics_skip_tracking":false,"_exactmetrics_sitenote_active":false,"_exactmetrics_sitenote_note":"","_exactmetrics_sitenote_category":0,"footnotes":""},"class_list":["post-171","page","type-page","status-publish","hentry"],"_links":{"self":[{"href":"https:\/\/bergen.katolsk.no\/index.php?rest_route=\/wp\/v2\/pages\/171","targetHints":{"allow":["GET"]}}],"collection":[{"href":"https:\/\/bergen.katolsk.no\/index.php?rest_route=\/wp\/v2\/pages"}],"about":[{"href":"https:\/\/bergen.katolsk.no\/index.php?rest_route=\/wp\/v2\/types\/page"}],"author":[{"embeddable":true,"href":"https:\/\/bergen.katolsk.no\/index.php?rest_route=\/wp\/v2\/users\/1"}],"replies":[{"embeddable":true,"href":"https:\/\/bergen.katolsk.no\/index.php?rest_route=%2Fwp%2Fv2%2Fcomments&post=171"}],"version-history":[{"count":18,"href":"https:\/\/bergen.katolsk.no\/index.php?rest_route=\/wp\/v2\/pages\/171\/revisions"}],"predecessor-version":[{"id":8826,"href":"https:\/\/bergen.katolsk.no\/index.php?rest_route=\/wp\/v2\/pages\/171\/revisions\/8826"}],"up":[{"embeddable":true,"href":"https:\/\/bergen.katolsk.no\/index.php?rest_route=\/wp\/v2\/pages\/157"}],"wp:attachment":[{"href":"https:\/\/bergen.katolsk.no\/index.php?rest_route=%2Fwp%2Fv2%2Fmedia&parent=171"}],"curies":[{"name":"wp","href":"https:\/\/api.w.org\/{rel}","templated":true}]}}