{"id":28,"date":"2014-10-03T20:24:07","date_gmt":"2014-10-03T20:24:07","guid":{"rendered":"http:\/\/bergen.katolsk.no\/?page_id=28"},"modified":"2025-03-17T20:30:56","modified_gmt":"2025-03-17T20:30:56","slug":"menighetsrad","status":"publish","type":"page","link":"https:\/\/bergen.katolsk.no\/?page_id=28","title":{"rendered":"Menighetsr\u00e5d"},"content":{"rendered":"<p style=\"text-align: justify;\">Menighetsr\u00e5det er uttrykk for legfolkets kirkelige medansvar. Oppgavene er blant annet \u00e5 samarbeide aktivt med prestene og diakonene i alt som fremmer katolsk menighetsliv, ha medansvar for liturgi, katekese og pastorale og praktiske oppgaver i sognet. Det skal virke for \u00f8kt deltagelse i menighetens liv. Menighetsr\u00e5det har sammen med sognepresten ansvar for den \u00f8konomiske drift og forvaltningen av eiendommene som st\u00e5r under menighetens administrasjon.<\/p>\n<p>\u00a0F\u00f8lgende dokumenter kan lastes ned:<\/p>\n<p><a href=\"http:\/\/bergen.katolsk.no\/wp_documents\/Statutter_for_menighetsr\u00e5d_i_OKB.pdf\" target=\"_blank\" rel=\"noopener noreferrer\"><span style=\"color: #0066cc;\"><strong>Statutter<\/strong> for menighetsr\u00e5d i Oslo Katolske Bisped\u00f8mmet<\/span><\/a><\/p>\n<p><a href=\"http:\/\/bergen.katolsk.no\/wp_documents\/Menighetsr\u00e5dets_oppgaver_St_Paul.pdf\" target=\"_blank\" rel=\"noopener noreferrer\"><span style=\"color: #0066cc;\">Menighetsr\u00e5dets <strong>oppgaver i St.Paul<\/strong> menighet<\/span><\/a><\/p>\n<p><strong>Menighetsr\u00e5d 2024-2026, valgt 08.\/98. juni 2024, konstituert 25. juni 2024<\/strong><\/p>\n<p><strong>Formann:<\/strong> Dom Alois Brodersen \u2013 sogneprest<\/p>\n<p><strong>Leder:<\/strong>\u00a0 \u00a0 \u00a0 Flavius Emiliyanus\u00a0\u00a0\u00a0\u00a0\u00a0 tlf. 484 35 609\u00a0\u00a0\u00a0\u00a0\u00a0\u00a0\u00a0\u00a0\u00a0 <a href=\"mailto:flavius47@hotmail.com\">flavius47@hotmail.com<\/a><\/p>\n<p><strong>Nestleder: <\/strong>Svein Nygaard\u00a0 \u00a0 \u00a0 \u00a0 \u00a0tlf. 913 38 169\u00a0 \u00a0 \u00a0 \u00a0 \u00a0 <a href=\"mailto:sveintn@gmail.com\">sveintn@gmail.com<\/a><\/p>\n<p><strong>Valgte representanter:<\/strong><\/p>\n<p>Laura Alesiene\u00a0\u00a0\u00a0\u00a0\u00a0\u00a0\u00a0\u00a0\u00a0\u00a0\u00a0 tlf. 978 51 532\u00a0\u00a0\u00a0\u00a0\u00a0\u00a0\u00a0\u00a0\u00a0\u00a0\u00a0\u00a0\u00a0 <a href=\"mailto:laura.alesiene@gmail.com\">laura.alesiene@gmail.com<\/a><\/p>\n<p>Hege Askvik \u00a0\u00a0\u00a0\u00a0\u00a0\u00a0\u00a0\u00a0\u00a0\u00a0\u00a0\u00a0\u00a0\u00a0\u00a0 tlf. 411 00 566\u00a0\u00a0\u00a0\u00a0\u00a0\u00a0\u00a0\u00a0\u00a0\u00a0\u00a0\u00a0\u00a0 <a href=\"mailto:hege@askvik.com\">hege@askvik.com<\/a><\/p>\n<p>Roman Hudak\u00a0\u00a0\u00a0\u00a0\u00a0\u00a0\u00a0\u00a0\u00a0\u00a0\u00a0\u00a0 tlf. 465 53\u00a0323\u00a0\u00a0\u00a0 \u00a0\u00a0\u00a0\u00a0\u00a0\u00a0\u00a0\u00a0\u00a0 <a href=\"mailto:roman.hudak@hotmail.com\">roman.hudak@hotmail.com<\/a><\/p>\n<p>Piotr J\u00f3zefowicz \u00a0\u00a0\u00a0\u00a0\u00a0\u00a0\u00a0\u00a0 tlf. 971 86 314\u00a0\u00a0\u00a0\u00a0\u00a0\u00a0\u00a0\u00a0\u00a0\u00a0\u00a0\u00a0\u00a0 <a href=\"mailto:piotr-jozefowicz@wp.pl\">piotr-jozefowicz@wp.pl<\/a><\/p>\n<p>Phan Huu Long \u00a0\u00a0\u00a0\u00a0\u00a0\u00a0\u00a0\u00a0 tlf. 976 43 845\u00a0\u00a0\u00a0\u00a0\u00a0\u00a0\u00a0\u00a0\u00a0\u00a0\u00a0\u00a0\u00a0 <a href=\"mailto:lmdkfam@gmail.com\">lmdkfam@gmail.com<\/a><\/p>\n<p>Nguyen van Men \u00a0\u00a0\u00a0\u00a0\u00a0\u00a0\u00a0\u00a0 tlf. 932 30 556\u00a0\u00a0\u00a0\u00a0\u00a0\u00a0\u00a0\u00a0\u00a0\u00a0\u00a0\u00a0\u00a0 <a href=\"mailto:lylymen@gmail.com\">lylymen@gmail.com<\/a><\/p>\n<p>Theresa Robberstad\u00a0\u00a0 tlf. 951 08 646\u00a0\u00a0\u00a0\u00a0 \u00a0\u00a0\u00a0\u00a0\u00a0\u00a0\u00a0\u00a0\u00a0\u00a0\u00a0 <a href=\"mailto:therobb@online.no\">therobb@online.no<\/a><\/p>\n<p><strong>Vararepresentanter:<\/strong><\/p>\n<p>Constantine Amirthanathan\u00a0 tlf. 917 67\u00a0732\u00a0\u00a0\u00a0 <a href=\"mailto:amirth_con@hotmail.com\">amirth_con@hotmail.com<\/a><\/p>\n<p>Saul Garcez Borques\u00a0 tlf. 930 12 552\u00a0\u00a0\u00a0\u00a0\u00a0\u00a0\u00a0\u00a0\u00a0\u00a0\u00a0\u00a0\u00a0 <a href=\"mailto:saulgarces@gmail.com\">saulgarces@gmail.com<\/a><\/p>\n<p>\u00a0<\/p>\n\n\n<p><\/p>\n","protected":false},"excerpt":{"rendered":"<p>Menighetsr\u00e5det er uttrykk for legfolkets kirkelige medansvar. Oppgavene er blant annet \u00e5 samarbeide aktivt med prestene og diakonene i alt<\/p>\n","protected":false},"author":1,"featured_media":0,"parent":7,"menu_order":0,"comment_status":"closed","ping_status":"open","template":"","meta":{"colormag_page_container_layout":"default_layout","colormag_page_sidebar_layout":"default_layout","_exactmetrics_skip_tracking":false,"_exactmetrics_sitenote_active":false,"_exactmetrics_sitenote_note":"","_exactmetrics_sitenote_category":0,"footnotes":""},"class_list":["post-28","page","type-page","status-publish","hentry"],"_links":{"self":[{"href":"https:\/\/bergen.katolsk.no\/index.php?rest_route=\/wp\/v2\/pages\/28","targetHints":{"allow":["GET"]}}],"collection":[{"href":"https:\/\/bergen.katolsk.no\/index.php?rest_route=\/wp\/v2\/pages"}],"about":[{"href":"https:\/\/bergen.katolsk.no\/index.php?rest_route=\/wp\/v2\/types\/page"}],"author":[{"embeddable":true,"href":"https:\/\/bergen.katolsk.no\/index.php?rest_route=\/wp\/v2\/users\/1"}],"replies":[{"embeddable":true,"href":"https:\/\/bergen.katolsk.no\/index.php?rest_route=%2Fwp%2Fv2%2Fcomments&post=28"}],"version-history":[{"count":32,"href":"https:\/\/bergen.katolsk.no\/index.php?rest_route=\/wp\/v2\/pages\/28\/revisions"}],"predecessor-version":[{"id":28832,"href":"https:\/\/bergen.katolsk.no\/index.php?rest_route=\/wp\/v2\/pages\/28\/revisions\/28832"}],"up":[{"embeddable":true,"href":"https:\/\/bergen.katolsk.no\/index.php?rest_route=\/wp\/v2\/pages\/7"}],"wp:attachment":[{"href":"https:\/\/bergen.katolsk.no\/index.php?rest_route=%2Fwp%2Fv2%2Fmedia&parent=28"}],"curies":[{"name":"wp","href":"https:\/\/api.w.org\/{rel}","templated":true}]}}